{"id":36,"date":"2019-09-12T11:46:20","date_gmt":"2019-09-12T09:46:20","guid":{"rendered":"https:\/\/www.entrepriseetdecouverte.fr\/espace-pro\/?page_id=36"},"modified":"2025-03-24T15:38:04","modified_gmt":"2025-03-24T14:38:04","slug":"notre-offre-daccompagnement","status":"publish","type":"page","link":"https:\/\/www.entrepriseetdecouverte.fr\/espace-pro\/laccompagnement\/notre-offre-daccompagnement\/","title":{"rendered":"Ing\u00e9nierie"},"content":{"rendered":"\n<p class=\"is-style-normal\"><\/p>\n\n\n\n<p class=\"is-style-normal\"><\/p>\n\n\n\n<h3>Les Audits<\/h3>\n\n\n\n<h4>Pour les entreprises&nbsp;: <\/h4>\n\n\n\n<p>Entreprise et d\u00e9couverte propose des<strong> audits pour \u00e9valuer la faisabilit\u00e9 et opportunit\u00e9 de votre projet<\/strong> de tourisme de savoir-faire et des <strong>audits pour professionnaliser \/ optimiser votre offre<\/strong> actuelle de tourisme de savoir-faire.<\/p>\n\n\n\n<p>Les points de contr\u00f4le suivant sont l\u2019objet d\u2019un diagnostic\net de recommandations pr\u00e9cises&nbsp;:<\/p>\n\n\n\n<ul><li>Le benchmark <\/li><li>La strat\u00e9gie&nbsp;&#8211; les \u00e9l\u00e9ments financiers<\/li><li>Le produit tourisme de savoir-faire<\/li><li>La gestion de l\u2019accueil des publics<\/li><li>La mise en march\u00e9 de l\u2019activit\u00e9 touristique<\/li><\/ul>\n\n\n\n<div class=\"wp-block-columns\">\n<div class=\"wp-block-column\">\n<h4>L&rsquo;audit de faisabilit\u00e9 <\/h4>\n\n\n\n<p class=\"is-style-normal\" style=\"font-size:15px\">L\u2019audit de faisabilit\u00e9 est une aide indispensable \u00e0 l\u2019\u00e9quipe projet de l\u2019entreprise pour&nbsp;<strong>construire une offre de visite de qualit\u00e9 et le bon mod\u00e8le \u00e9conomique.&nbsp;<\/strong>Il est utilement accompagn\u00e9 d\u2019un benchmark.&nbsp;Il permet de :<\/p>\n\n\n\n<ul style=\"font-size:15px\"><li><strong>Pr\u00e9ciser<\/strong>, d\u00e9finir les enjeux de l\u2019ouverture au public et les cibles<\/li><li><strong>Valider<\/strong>, pr\u00e9ciser le niveau d\u2019attractivit\u00e9 de l\u2019entreprise<\/li><li><strong>D\u00e9finir<\/strong>&nbsp;les conditions de gestion et d\u2019organisation de l\u2019offre de visite<\/li><li><strong>Choisir<\/strong>&nbsp;les solutions optimales en termes de parcours visite et d\u2019espaces d\u2019accueil&nbsp;&nbsp;<\/li><li><strong>\u00c9valuer<\/strong>&nbsp;et proposer le bon mod\u00e8le \u00e9conomique&nbsp;du projet<\/li><\/ul>\n<\/div>\n\n\n\n<div class=\"wp-block-column\">\n<h4>L&rsquo;audit de professionnalisation <\/h4>\n\n\n\n<p class=\"is-style-normal\" style=\"font-size:15px\">L\u2019audit de professionnalisation permet&nbsp;<strong>d\u2019\u00e9valuer l\u2019offre existante et de red\u00e9finir le projet&nbsp;<\/strong>en un ensemble coh\u00e9rent et optimal en termes d\u2019organisation et de r\u00e9sultat.<\/p>\n\n\n\n<ul style=\"font-size:15px\"><li><strong>Augmentation des ventes<\/strong>&nbsp;directes \/ du chiffre d\u2019affaires;<\/li><li>Augmentation de la&nbsp;<strong>fr\u00e9quentation<\/strong>;<\/li><li>Optimisation des contenus pour une&nbsp;<strong>meilleure communication<\/strong>;<\/li><li>R\u00e9organisation de la&nbsp;<strong>gestion du dispositif d\u2019accueil<\/strong>&nbsp;et des espaces d\u00e9di\u00e9s au public.<\/li><\/ul>\n<\/div>\n<\/div>\n\n\n\n<h4>Pour les territoires&nbsp;: <\/h4>\n\n\n\n<p>Entreprise et d\u00e9couverte propose des audits et \u00e9tudes\nop\u00e9rationnelles pour les territoires&nbsp;: diagnostic et plan d\u2019action pour\nd\u00e9velopper et professionnaliser l\u2019offre \u00e0 l\u2019\u00e9chelle d\u2019une commune, d\u2019une\ncommunaut\u00e9 de communes, d\u2019un d\u00e9partement ou d\u2019une r\u00e9gion. <\/p>\n\n\n\n<p class=\"is-style-normal\">Les accompagnements propos\u00e9s aux territoires sont&nbsp;<strong>r\u00e9alis\u00e9s \u00e0 diff\u00e9rentes \u00e9chelles&nbsp;<\/strong>(locale, territoriale, d\u00e9partementale, r\u00e9gionale) et sur&nbsp;<strong>plusieurs axes&nbsp;<\/strong>:<\/p>\n\n\n\n<ul><li>Accompagner la&nbsp;<strong>d\u00e9finition de la strat\u00e9gie&nbsp;<\/strong>visite d\u2019entreprise et la construction du&nbsp;<strong>plan d\u2019actions<\/strong>;<\/li><li>Accompagner&nbsp;<strong>la cr\u00e9ation d\u2019un \u00e9v\u00e9nement&nbsp;<\/strong>d\u00e9di\u00e9 \u00e0 la visite d\u2019entreprise;<\/li><li><strong>Sensibiliser, former et mobiliser&nbsp;<\/strong>les entreprises du territoire;<\/li><li>Accompagner le&nbsp;<strong>d\u00e9veloppement et la professionnalisation<\/strong>&nbsp;de l\u2019offre de visites d\u2019entreprises.<\/li><\/ul>\n\n\n\n<p class=\"is-style-normal\"><\/p>\n\n\n\n<h3>Accompagnement et r\u00e9alisation de projet<\/h3>\n\n\n\n<h4>Pour les entreprises&nbsp;:<\/h4>\n\n\n\n<ul><li>cr\u00e9ation de parcours de visite<\/li><li>cr\u00e9ation d\u2019un site complet de tourisme de savoir-faire (parcours de visite, boutique, espace mus\u00e9ographique, espace \u2026)<\/li><li>mis en place d\u2019un \u00e9v\u00e8nementiel de type Journ\u00e9es Portes Ouvertes<\/li><\/ul>\n\n\n\n<h4>Pour les territoires&nbsp;:<\/h4>\n\n\n\n<ul><li>cr\u00e9ation d\u2019\u00e9v\u00e8nementiels visite d\u2019entreprise de\ntype Journ\u00e9es Portes Ouvertes<\/li><li>mise en place d\u2019un programme annuel de visites \u00e0\nl\u2019\u00e9chelles d\u2019un territoire\u2026.<\/li><\/ul>\n\n\n\n<p><em>Devis sur demande <\/em><\/p>\n\n\n\n<p class=\"is-style-highlight has-medium-font-size\">\ud83d\udcdd<strong> D\u00e9couvrez une s\u00e9lection de <a href=\"https:\/\/www.entrepriseetdecouverte.fr\/espace-pro\/laccompagnement\/nos-references\/\" target=\"_blank\" rel=\"noreferrer noopener\">nos r\u00e9f\u00e9rences<\/a> <\/strong><\/p>\n","protected":false},"excerpt":{"rendered":"<p>Audits, accompagnement et r\u00e9alisation de projets \u00e0 destination des entreprises et des territoires, d\u00e9couvrez toutes les prestations d&rsquo;ing\u00e9nierie propos\u00e9es par Entreprise et D\u00e9couverte ! <\/p>\n","protected":false},"author":1,"featured_media":60122,"parent":9,"menu_order":0,"comment_status":"closed","ping_status":"closed","template":"","meta":{"_relevanssi_hide_post":"","_relevanssi_pin_for_all":"","_relevanssi_pin_keywords":"","_relevanssi_unpin_keywords":"","_relevanssi_related_keywords":"","_relevanssi_related_include_ids":"","_relevanssi_related_exclude_ids":"","_relevanssi_related_no_append":"","_relevanssi_related_not_related":"","_relevanssi_related_posts":"62363,62413,63185,61450,60031,62348","_relevanssi_noindex_reason":""},"yoast_head":"<!-- This site is optimized with the Yoast SEO plugin v17.4 - https:\/\/yoast.com\/wordpress\/plugins\/seo\/ -->\n<meta name=\"description\" content=\"Audits, accompagnement et r\u00e9alisation de projets \u00e0 destination des entreprises et des territoires, d\u00e9couvrez toutes les prestations d&#039;ing\u00e9nierie propos\u00e9es par Entreprise et D\u00e9couverte !\" \/>\n<meta name=\"robots\" content=\"index, follow, max-snippet:-1, max-image-preview:large, max-video-preview:-1\" \/>\n<link rel=\"canonical\" href=\"https:\/\/www.entrepriseetdecouverte.fr\/espace-pro\/laccompagnement\/notre-offre-daccompagnement\/\" \/>\n<meta property=\"og:locale\" content=\"fr_FR\" \/>\n<meta property=\"og:type\" content=\"article\" \/>\n<meta property=\"og:title\" content=\"Ing\u00e9nierie - Espace Pro - Entreprise et D\u00e9couverte\" \/>\n<meta property=\"og:description\" content=\"Audits, accompagnement et r\u00e9alisation de projets \u00e0 destination des entreprises et des territoires, d\u00e9couvrez toutes les prestations d&#039;ing\u00e9nierie propos\u00e9es par Entreprise et D\u00e9couverte !\" \/>\n<meta property=\"og:url\" content=\"https:\/\/www.entrepriseetdecouverte.fr\/espace-pro\/laccompagnement\/notre-offre-daccompagnement\/\" \/>\n<meta property=\"og:site_name\" content=\"Espace Pro\" \/>\n<meta property=\"article:modified_time\" content=\"2025-03-24T14:38:04+00:00\" \/>\n<meta property=\"og:image\" content=\"https:\/\/www.entrepriseetdecouverte.fr\/espace-pro\/wp-content\/uploads\/sites\/2\/2019\/11\/48142506007_2fd37bf5d4_o.jpg\" \/>\n\t<meta property=\"og:image:width\" content=\"2048\" \/>\n\t<meta property=\"og:image:height\" content=\"1365\" \/>\n<meta name=\"twitter:card\" content=\"summary_large_image\" \/>\n<meta name=\"twitter:label1\" content=\"Dur\u00e9e de lecture estim\u00e9e\" \/>\n\t<meta name=\"twitter:data1\" content=\"2 minutes\" \/>\n<script type=\"application\/ld+json\" class=\"yoast-schema-graph\">{\"@context\":\"https:\/\/schema.org\",\"@graph\":[{\"@type\":\"WebSite\",\"@id\":\"https:\/\/www.entrepriseetdecouverte.fr\/espace-pro\/#website\",\"url\":\"https:\/\/www.entrepriseetdecouverte.fr\/espace-pro\/\",\"name\":\"Espace Pro\",\"description\":\"Un site utilisant Entreprise et D\\u00e9couverte Sites\",\"potentialAction\":[{\"@type\":\"SearchAction\",\"target\":{\"@type\":\"EntryPoint\",\"urlTemplate\":\"https:\/\/www.entrepriseetdecouverte.fr\/espace-pro\/?s={search_term_string}\"},\"query-input\":\"required name=search_term_string\"}],\"inLanguage\":\"fr-FR\"},{\"@type\":\"ImageObject\",\"@id\":\"https:\/\/www.entrepriseetdecouverte.fr\/espace-pro\/laccompagnement\/notre-offre-daccompagnement\/#primaryimage\",\"inLanguage\":\"fr-FR\",\"url\":\"https:\/\/www.entrepriseetdecouverte.fr\/espace-pro\/wp-content\/uploads\/sites\/2\/2019\/11\/48142506007_2fd37bf5d4_o.jpg\",\"contentUrl\":\"https:\/\/www.entrepriseetdecouverte.fr\/espace-pro\/wp-content\/uploads\/sites\/2\/2019\/11\/48142506007_2fd37bf5d4_o.jpg\",\"width\":2048,\"height\":1365,\"caption\":\"Copyright Bruno le Hir de Fallois\"},{\"@type\":\"WebPage\",\"@id\":\"https:\/\/www.entrepriseetdecouverte.fr\/espace-pro\/laccompagnement\/notre-offre-daccompagnement\/#webpage\",\"url\":\"https:\/\/www.entrepriseetdecouverte.fr\/espace-pro\/laccompagnement\/notre-offre-daccompagnement\/\",\"name\":\"Ing\\u00e9nierie - Espace Pro - Entreprise et D\\u00e9couverte\",\"isPartOf\":{\"@id\":\"https:\/\/www.entrepriseetdecouverte.fr\/espace-pro\/#website\"},\"primaryImageOfPage\":{\"@id\":\"https:\/\/www.entrepriseetdecouverte.fr\/espace-pro\/laccompagnement\/notre-offre-daccompagnement\/#primaryimage\"},\"datePublished\":\"2019-09-12T09:46:20+00:00\",\"dateModified\":\"2025-03-24T14:38:04+00:00\",\"description\":\"Audits, accompagnement et r\\u00e9alisation de projets \\u00e0 destination des entreprises et des territoires, d\\u00e9couvrez toutes les prestations d'ing\\u00e9nierie propos\\u00e9es par Entreprise et D\\u00e9couverte !\",\"breadcrumb\":{\"@id\":\"https:\/\/www.entrepriseetdecouverte.fr\/espace-pro\/laccompagnement\/notre-offre-daccompagnement\/#breadcrumb\"},\"inLanguage\":\"fr-FR\",\"potentialAction\":[{\"@type\":\"ReadAction\",\"target\":[\"https:\/\/www.entrepriseetdecouverte.fr\/espace-pro\/laccompagnement\/notre-offre-daccompagnement\/\"]}]},{\"@type\":\"BreadcrumbList\",\"@id\":\"https:\/\/www.entrepriseetdecouverte.fr\/espace-pro\/laccompagnement\/notre-offre-daccompagnement\/#breadcrumb\",\"itemListElement\":[{\"@type\":\"ListItem\",\"position\":1,\"name\":\"Accueil\",\"item\":\"https:\/\/www.entrepriseetdecouverte.fr\/espace-pro\/\"},{\"@type\":\"ListItem\",\"position\":2,\"name\":\"L&rsquo;accompagnement\",\"item\":\"https:\/\/www.entrepriseetdecouverte.fr\/espace-pro\/laccompagnement\/\"},{\"@type\":\"ListItem\",\"position\":3,\"name\":\"Ing\\u00e9nierie\"}]}]}<\/script>\n<!-- \/ Yoast SEO plugin. -->","yoast_head_json":{"description":"Audits, accompagnement et r\u00e9alisation de projets \u00e0 destination des entreprises et des territoires, d\u00e9couvrez toutes les prestations d'ing\u00e9nierie propos\u00e9es par Entreprise et D\u00e9couverte !","robots":{"index":"index","follow":"follow","max-snippet":"max-snippet:-1","max-image-preview":"max-image-preview:large","max-video-preview":"max-video-preview:-1"},"canonical":"https:\/\/www.entrepriseetdecouverte.fr\/espace-pro\/laccompagnement\/notre-offre-daccompagnement\/","og_locale":"fr_FR","og_type":"article","og_title":"Ing\u00e9nierie - Espace Pro - Entreprise et D\u00e9couverte","og_description":"Audits, accompagnement et r\u00e9alisation de projets \u00e0 destination des entreprises et des territoires, d\u00e9couvrez toutes les prestations d'ing\u00e9nierie propos\u00e9es par Entreprise et D\u00e9couverte !","og_url":"https:\/\/www.entrepriseetdecouverte.fr\/espace-pro\/laccompagnement\/notre-offre-daccompagnement\/","og_site_name":"Espace Pro","article_modified_time":"2025-03-24T14:38:04+00:00","og_image":[{"width":2048,"height":1365,"url":"https:\/\/www.entrepriseetdecouverte.fr\/espace-pro\/wp-content\/uploads\/sites\/2\/2019\/11\/48142506007_2fd37bf5d4_o.jpg","type":"image\/jpeg"}],"twitter_card":"summary_large_image","twitter_misc":{"Dur\u00e9e de lecture estim\u00e9e":"2 minutes"},"schema":{"@context":"https:\/\/schema.org","@graph":[{"@type":"WebSite","@id":"https:\/\/www.entrepriseetdecouverte.fr\/espace-pro\/#website","url":"https:\/\/www.entrepriseetdecouverte.fr\/espace-pro\/","name":"Espace Pro","description":"Un site utilisant Entreprise et D\u00e9couverte Sites","potentialAction":[{"@type":"SearchAction","target":{"@type":"EntryPoint","urlTemplate":"https:\/\/www.entrepriseetdecouverte.fr\/espace-pro\/?s={search_term_string}"},"query-input":"required name=search_term_string"}],"inLanguage":"fr-FR"},{"@type":"ImageObject","@id":"https:\/\/www.entrepriseetdecouverte.fr\/espace-pro\/laccompagnement\/notre-offre-daccompagnement\/#primaryimage","inLanguage":"fr-FR","url":"https:\/\/www.entrepriseetdecouverte.fr\/espace-pro\/wp-content\/uploads\/sites\/2\/2019\/11\/48142506007_2fd37bf5d4_o.jpg","contentUrl":"https:\/\/www.entrepriseetdecouverte.fr\/espace-pro\/wp-content\/uploads\/sites\/2\/2019\/11\/48142506007_2fd37bf5d4_o.jpg","width":2048,"height":1365,"caption":"Copyright Bruno le Hir de Fallois"},{"@type":"WebPage","@id":"https:\/\/www.entrepriseetdecouverte.fr\/espace-pro\/laccompagnement\/notre-offre-daccompagnement\/#webpage","url":"https:\/\/www.entrepriseetdecouverte.fr\/espace-pro\/laccompagnement\/notre-offre-daccompagnement\/","name":"Ing\u00e9nierie - Espace Pro - Entreprise et D\u00e9couverte","isPartOf":{"@id":"https:\/\/www.entrepriseetdecouverte.fr\/espace-pro\/#website"},"primaryImageOfPage":{"@id":"https:\/\/www.entrepriseetdecouverte.fr\/espace-pro\/laccompagnement\/notre-offre-daccompagnement\/#primaryimage"},"datePublished":"2019-09-12T09:46:20+00:00","dateModified":"2025-03-24T14:38:04+00:00","description":"Audits, accompagnement et r\u00e9alisation de projets \u00e0 destination des entreprises et des territoires, d\u00e9couvrez toutes les prestations d'ing\u00e9nierie propos\u00e9es par Entreprise et D\u00e9couverte !","breadcrumb":{"@id":"https:\/\/www.entrepriseetdecouverte.fr\/espace-pro\/laccompagnement\/notre-offre-daccompagnement\/#breadcrumb"},"inLanguage":"fr-FR","potentialAction":[{"@type":"ReadAction","target":["https:\/\/www.entrepriseetdecouverte.fr\/espace-pro\/laccompagnement\/notre-offre-daccompagnement\/"]}]},{"@type":"BreadcrumbList","@id":"https:\/\/www.entrepriseetdecouverte.fr\/espace-pro\/laccompagnement\/notre-offre-daccompagnement\/#breadcrumb","itemListElement":[{"@type":"ListItem","position":1,"name":"Accueil","item":"https:\/\/www.entrepriseetdecouverte.fr\/espace-pro\/"},{"@type":"ListItem","position":2,"name":"L&rsquo;accompagnement","item":"https:\/\/www.entrepriseetdecouverte.fr\/espace-pro\/laccompagnement\/"},{"@type":"ListItem","position":3,"name":"Ing\u00e9nierie"}]}]}},"_links":{"self":[{"href":"https:\/\/www.entrepriseetdecouverte.fr\/espace-pro\/wp-json\/wp\/v2\/pages\/36"}],"collection":[{"href":"https:\/\/www.entrepriseetdecouverte.fr\/espace-pro\/wp-json\/wp\/v2\/pages"}],"about":[{"href":"https:\/\/www.entrepriseetdecouverte.fr\/espace-pro\/wp-json\/wp\/v2\/types\/page"}],"author":[{"embeddable":true,"href":"https:\/\/www.entrepriseetdecouverte.fr\/espace-pro\/wp-json\/wp\/v2\/users\/1"}],"replies":[{"embeddable":true,"href":"https:\/\/www.entrepriseetdecouverte.fr\/espace-pro\/wp-json\/wp\/v2\/comments?post=36"}],"version-history":[{"count":34,"href":"https:\/\/www.entrepriseetdecouverte.fr\/espace-pro\/wp-json\/wp\/v2\/pages\/36\/revisions"}],"predecessor-version":[{"id":70944,"href":"https:\/\/www.entrepriseetdecouverte.fr\/espace-pro\/wp-json\/wp\/v2\/pages\/36\/revisions\/70944"}],"up":[{"embeddable":true,"href":"https:\/\/www.entrepriseetdecouverte.fr\/espace-pro\/wp-json\/wp\/v2\/pages\/9"}],"wp:featuredmedia":[{"embeddable":true,"href":"https:\/\/www.entrepriseetdecouverte.fr\/espace-pro\/wp-json\/wp\/v2\/media\/60122"}],"wp:attachment":[{"href":"https:\/\/www.entrepriseetdecouverte.fr\/espace-pro\/wp-json\/wp\/v2\/media?parent=36"}],"curies":[{"name":"wp","href":"https:\/\/api.w.org\/{rel}","templated":true}]}}